{"id":19879,"date":"2025-04-11T15:57:04","date_gmt":"2025-04-11T13:57:04","guid":{"rendered":"https:\/\/www.gess365.com\/?post_type=product&#038;p=19879"},"modified":"2026-03-03T13:43:25","modified_gmt":"2026-03-03T11:43:25","slug":"foot-and-calf-massager-ottoman","status":"publish","type":"product","link":"https:\/\/www.gess365.com\/de\/shop\/foot-massager\/foot-and-calf-massager-ottoman\/","title":{"rendered":"GESS PUF Grau | 3-in-1 Multifunktionales Fu\u00df- und Wadenmassageger\u00e4t mit W\u00e4rme und Hockerdesign"},"content":{"rendered":"<h2 data-start=\"128\" data-end=\"161\">Hauptfunktionen &#038; Vorteile<\/h2>\n<h3 data-start=\"165\" data-end=\"358\"><strong data-start=\"165\" data-end=\"210\">\u2705 3-in-1: Fu\u00df- &#038; Wadenmassageger\u00e4t im Hocker-Design<\/strong><\/h3>\n<p data-start=\"165\" data-end=\"358\">Ein multifunktionales Fu\u00df- und Wadenmassageger\u00e4t wie das GESS PUF bietet t\u00e4gliche Entspannung, therapeutische Erleichterung und passt sich dabei m\u00fchelos an moderne Wohnr\u00e4ume an.<\/p>\n<h3 data-start=\"165\" data-end=\"358\"><strong data-start=\"165\" data-end=\"210\">\u27054 Massagearten<\/strong><\/h3>\n<p>Mit diesem Ger\u00e4t k\u00f6nnen Sie t\u00e4glich Schwellungen, Kr\u00e4mpfen und Erm\u00fcdung effektiv entgegenwirken.dern.<\/p>\n<h3 data-start=\"165\" data-end=\"358\"><strong data-start=\"165\" data-end=\"210\">\u2705Infrarot-W\u00e4rmefunktion<\/strong><\/h3>\n<p>Vier gezielte Techniken helfen, Schwellungen zu lindern, Muskelverspannungen zu l\u00f6sen und die Durchblutung zu f\u00f6rdern.<\/p>\n<h3 data-start=\"165\" data-end=\"358\"><strong data-start=\"165\" data-end=\"210\">\u2705Individuell anpassbare Programme<\/strong><\/h3>\n<p>F\u00fcnf automatische Modi und intuitive Bedienelemente erm\u00f6glichen eine einfache, individuelle Nutzung \u2013 ganz nach Ihrem Tagesrhythmus.<\/p>\n<h3 data-start=\"165\" data-end=\"358\"><strong data-start=\"165\" data-end=\"210\">\u2705Kompakt &#038; Vielseitig<\/strong><\/h3>\n<p>Passend f\u00fcr Schuhgr\u00f6\u00dfen bis EU 44. Leicht, ergonomisch und ideal f\u00fcr Zuhause, B\u00fcro oder Entspannungszonen.<\/p>\n<h3 data-start=\"165\" data-end=\"358\"><strong data-start=\"165\" data-end=\"210\">\u2705In 3 stilvollen Farben erh\u00e4ltlich<\/strong><\/h3>\n<p>W\u00e4hlen Sie zwischen klassischem Schwarz, minimalistischem Grau oder zartem Beige-Rosa \u2013 abgestimmt auf Ihr Interieur.<\/p>\n<h3 data-start=\"165\" data-end=\"358\"><\/h3>\n<h2>Multifunktionales Fu\u00df- und Wadenmassageger\u00e4t f\u00fcr den Alltag<\/h2>\n<h3 data-start=\"1373\" data-end=\"1476\">Das Ger\u00e4t kombiniert vier Massagetechniken mit wohltuender W\u00e4rme und moderner Funktionalit\u00e4t \u2013 perfekt f\u00fcr den t\u00e4glichen Gebrauch und jedes Interieur.<\/h3>\n<p class=\"\" data-start=\"1637\" data-end=\"1969\">Im Gegensatz zu klassischen Ger\u00e4ten ist dieses multifunktionale Fu\u00df- und Wadenmassageger\u00e4t auch ein praktischer Hocker mit stilvollem Design \u2013 platzsparend, formsch\u00f6n und effektiv.<\/p>\n<h2>Design trifft Funktion<\/h2>\n<p class=\"\" data-start=\"1973\" data-end=\"2124\">Mehr als nur ein Massageger\u00e4t \u2013 ein funktionales Einrichtungselement.<br data-start=\"2176\" data-end=\"2179\" \/>Bei Nichtgebrauch l\u00e4sst sich das Ger\u00e4t einfach zusammenklappen und als Fu\u00dfhocker nutzen.<\/p>\n<p>Perfekt geeignet f\u00fcr:<\/p>\n<ul>\n<li class=\"\" data-start=\"1996\" data-end=\"2018\">\n<p class=\"\" data-start=\"1998\" data-end=\"2018\">Alle Altersgruppen<\/p>\n<\/li>\n<li class=\"\" data-start=\"2019\" data-end=\"2041\">\n<p class=\"\" data-start=\"2021\" data-end=\"2041\">Aktive Lebensstile<\/p>\n<\/li>\n<li class=\"\" data-start=\"2042\" data-end=\"2061\">\n<p class=\"\" data-start=\"2044\" data-end=\"2061\">B\u00fcroangestellte<\/p>\n<\/li>\n<li class=\"\" data-start=\"2062\" data-end=\"2123\">\n<p class=\"\" data-start=\"2064\" data-end=\"2123\">\u00c4ltere Menschen (unter Aufsicht auch f\u00fcr Kinder geeignet)<\/p>\n<\/li>\n<li class=\"\" data-start=\"2124\" data-end=\"2184\">\n<p class=\"\" data-start=\"2126\" data-end=\"2184\">Menschen mit m\u00fcden Beinen, Schwellungen oder Alltagsstress<\/p>\n<\/li>\n<\/ul>\n<p>&nbsp;<\/p>\n<h2>Technische Daten<\/h2>\n<ul>\n<li class=\"\" data-start=\"2218\" data-end=\"2243\">\n<p class=\"\" data-start=\"2220\" data-end=\"2243\">Stromversorgung: 220V<\/p>\n<\/li>\n<li class=\"\" data-start=\"2244\" data-end=\"2261\">\n<p class=\"\" data-start=\"2246\" data-end=\"2261\">Leistung: 36W<\/p>\n<\/li>\n<li class=\"\" data-start=\"2262\" data-end=\"2320\">\n<p class=\"\" data-start=\"2264\" data-end=\"2320\">Massagearten: Rollen, Akupressur, Vibration, Luftdruck<\/p>\n<\/li>\n<li data-start=\"2262\" data-end=\"2320\">Anzahl der Massage-Rollen: 4<\/li>\n<li class=\"\" data-start=\"2321\" data-end=\"2351\">\n<p class=\"\" data-start=\"2323\" data-end=\"2351\">Massagezonen: F\u00fc\u00dfe &#038; Waden<\/p>\n<\/li>\n<li class=\"\" data-start=\"2352\" data-end=\"2375\">\n<p class=\"\" data-start=\"2354\" data-end=\"2375\">Material: \u00d6ko-Leder<\/p>\n<\/li>\n<li class=\"\" data-start=\"2376\" data-end=\"2394\">\n<p class=\"\" data-start=\"2378\" data-end=\"2394\">Farbe: Grau<\/p>\n<\/li>\n<li class=\"\" data-start=\"2395\" data-end=\"2428\">\n<p class=\"\" data-start=\"2397\" data-end=\"2428\">Produktgr\u00f6\u00dfe: 40 x 48 x 29 cm<\/p>\n<\/li>\n<li class=\"\" data-start=\"2429\" data-end=\"2448\">\n<p class=\"\" data-start=\"2431\" data-end=\"2448\">Gewicht: 9,3 kg<\/p>\n<\/li>\n<li class=\"\" data-start=\"2449\" data-end=\"2489\">\n<p class=\"\" data-start=\"2451\" data-end=\"2489\">Verpackungsma\u00dfe: 43,5 x 53 x 31,5 cm<\/p>\n<\/li>\n<li class=\"\" data-start=\"2490\" data-end=\"2514\">\n<p class=\"\" data-start=\"2492\" data-end=\"2514\">Gesamtgewicht: 11 kg<\/p>\n<\/li>\n<\/ul>\n<p>&nbsp;<\/p>\n<h2>Lieferumfang<\/h2>\n<ul>\n<li class=\"\" data-start=\"2544\" data-end=\"2581\">\n<p class=\"\" data-start=\"2546\" data-end=\"2581\">GESS PUF Fu\u00df- &#038; Wadenmassageger\u00e4t<\/p>\n<\/li>\n<li class=\"\" data-start=\"2582\" data-end=\"2605\">\n<p class=\"\" data-start=\"2584\" data-end=\"2605\">Bedienungsanleitung<\/p>\n<\/li>\n<li class=\"\" data-start=\"2606\" data-end=\"2623\">\n<p class=\"\" data-start=\"2608\" data-end=\"2623\">Garantiekarte<\/p>\n<\/li>\n<li class=\"\" data-start=\"2624\" data-end=\"2646\">\n<p class=\"\" data-start=\"2626\" data-end=\"2646\">Geschenkverpackung<\/p>\n<\/li>\n<\/ul>\n<p>&nbsp;<\/p>\n<h2>H\u00e4ufige Fragen (FAQ)<\/h2>\n<p class=\"\" data-start=\"2685\" data-end=\"2741\"><strong data-start=\"2685\" data-end=\"2720\">Welche Schuhgr\u00f6\u00dfe passt hinein?<\/strong><br data-start=\"2720\" data-end=\"2723\" \/>Bis EU-Gr\u00f6\u00dfe 44.<\/p>\n<p class=\"\" data-start=\"2724\" data-end=\"2771\"><strong data-start=\"2724\" data-end=\"2752\">Welche Schuhgr\u00f6\u00dfe passt?<\/strong><br data-start=\"2752\" data-end=\"2755\" \/>Bis EU Gr\u00f6\u00dfe 44.<\/p>\n<p class=\"\" data-start=\"2773\" data-end=\"2865\"><strong data-start=\"2773\" data-end=\"2815\">Kann ich w\u00e4hrend der Anwendung stehen?<\/strong><br data-start=\"2815\" data-end=\"2818\" \/>Nein, das Ger\u00e4t ist nur im Sitzen zu verwenden.<\/p>\n<p class=\"\" data-start=\"2867\" data-end=\"2959\"><strong data-start=\"2867\" data-end=\"2905\">Ist die W\u00e4rmefunktion abschaltbar?<\/strong><br data-start=\"2905\" data-end=\"2908\" \/>Ja, sie kann separat ein- und ausgeschaltet werden.<\/p>\n<p class=\"\" data-start=\"2961\" data-end=\"3057\"><strong data-start=\"2961\" data-end=\"3002\">Ist der Bezug abnehmbar und waschbar?<\/strong><br data-start=\"3002\" data-end=\"3005\" \/>Ja, der Innenstoff l\u00e4sst sich abnehmen und reinigen.<\/p>\n<p class=\"\" data-start=\"3059\" data-end=\"3220\"><strong data-start=\"3059\" data-end=\"3094\">F\u00fcr wen ist das Ger\u00e4t geeignet?<\/strong><br data-start=\"3094\" data-end=\"3097\" \/>F\u00fcr alle Altersgruppen \u2013 die Bedienung ist einfach und benutzerfreundlich.<br data-start=\"3171\" data-end=\"3174\" \/>Kinder sollten es nur unter Aufsicht benutzen.<\/p>\n<p class=\"\" data-start=\"3222\" data-end=\"3308\"><strong data-start=\"3222\" data-end=\"3245\">Ist das Ger\u00e4t laut?<\/strong><br data-start=\"3245\" data-end=\"3248\" \/>Es erzeugt moderate Ger\u00e4usche durch Vibration und Luftdruck.<\/p>\n<p class=\"\" data-start=\"3310\" data-end=\"3397\"><strong data-start=\"3310\" data-end=\"3343\">Kann ich es t\u00e4glich benutzen?<\/strong><br data-start=\"3343\" data-end=\"3346\" \/>Ja, empfohlen sind bis zu 30 Minuten pro Anwendung.<\/p>\n<p class=\"\" data-start=\"3399\" data-end=\"3488\"><strong data-start=\"3399\" data-end=\"3433\">Wie lange dauert eine Sitzung?<\/strong><br data-start=\"3433\" data-end=\"3436\" \/>15 Minuten \u2013 das Ger\u00e4t schaltet sich automatisch ab.<\/p>\n<p class=\"\" data-start=\"3490\" data-end=\"3573\"><strong data-start=\"3490\" data-end=\"3530\">Wo befinden sich die Bedienelemente?<\/strong><br data-start=\"3530\" data-end=\"3533\" \/>Im oberen Bereich des Ger\u00e4ts integriert.<\/p>\n<p class=\"\" data-start=\"3575\" data-end=\"3666\"><strong data-start=\"3575\" data-end=\"3612\">Kann ich es mit Socken verwenden?<\/strong><br data-start=\"3612\" data-end=\"3615\" \/>Ja, ganz nach Ihrem Komfort \u2013 mit oder ohne Socken.<\/p>\n<p data-start=\"2262\" data-end=\"2329\">Verf\u00fcgbar auf <a class=\"\" href=\"https:\/\/gess365.com\" target=\"_new\" rel=\"noopener\" data-start=\"172\" data-end=\"206\">GESS365.com<\/a> \u2014 entdecken Sie weitere Gesundheits- &#038; Wellnessl\u00f6sungen.<\/p>\n","protected":false},"excerpt":{"rendered":"<h1 data-start=\"3375\" data-end=\"3536\"><strong data-start=\"3375\" data-end=\"3536\">3-in-1 foot and calf massager ottoman with roller massage, air compression, vibration, and optional heat. Designed for daily relaxation and modern interiors.<\/strong><\/h1>\n","protected":false},"featured_media":19982,"comment_status":"open","ping_status":"closed","template":"","meta":[],"product_cat":[304],"product_tag":[1091,1104,1097,1101,1107,1095,1093,1106,1105,1092,1096,1109,1100,1099,1094,1108,1090,1102,1110,1098,1103,1086,1085,237,410,280,360,281,159,200,139],"yoast_head":"<!-- This site is optimized with the Yoast SEO Premium plugin v21.9 (Yoast SEO v22.9) - https:\/\/yoast.com\/wordpress\/plugins\/seo\/ -->\n<title>GESS PUF \u2013 Foot &amp; Calf Massager Ottoman with Heat &amp; Air<\/title>\n<meta name=\"description\" content=\"3-in-1 foot and calf massager ottoman with heat and compression. Compact design for home wellness, daily recovery, and stress relief.\" \/>\n<meta name=\"robots\" content=\"index, follow, max-snippet:-1, max-image-preview:large, max-video-preview:-1\" \/>\n<link rel=\"canonical\" href=\"https:\/\/www.gess365.com\/de\/shop\/foot-massager\/foot-and-calf-massager-ottoman\/\" \/>\n<meta property=\"og:locale\" content=\"de_DE\" \/>\n<meta property=\"og:locale:alternate\" content=\"en_GB\" \/>\n<meta property=\"og:locale:alternate\" content=\"ru_RU\" \/>\n<meta property=\"og:type\" content=\"article\" \/>\n<meta property=\"og:title\" content=\"GESS PUF Grau | 3-in-1 Multifunktionales Fu\u00df- und Wadenmassageger\u00e4t mit W\u00e4rme und Hockerdesign\" \/>\n<meta property=\"og:description\" content=\"3-in-1 foot and calf massager ottoman with heat and compression. Compact design for home wellness, daily recovery, and stress relief.\" \/>\n<meta property=\"og:url\" content=\"https:\/\/www.gess365.com\/de\/shop\/foot-massager\/foot-and-calf-massager-ottoman\/\" \/>\n<meta property=\"og:site_name\" content=\"GESS&trade; | &nbsp;Official Online-Store, EU\" \/>\n<meta property=\"article:publisher\" content=\"https:\/\/www.facebook.com\/gessmarket.eu\" \/>\n<meta property=\"article:modified_time\" content=\"2026-03-03T11:43:25+00:00\" \/>\n<meta property=\"og:image\" content=\"https:\/\/www.gess365.com\/wp-content\/uploads\/2025\/04\/EN-grey-01.jpg\" \/>\n\t<meta property=\"og:image:width\" content=\"1500\" \/>\n\t<meta property=\"og:image:height\" content=\"1500\" \/>\n\t<meta property=\"og:image:type\" content=\"image\/jpeg\" \/>\n<meta name=\"twitter:card\" content=\"summary_large_image\" \/>\n<meta name=\"twitter:label1\" content=\"Gesch\u00e4tzte Lesezeit\" \/>\n\t<meta name=\"twitter:data1\" content=\"2\u00a0Minuten\" \/>\n<script type=\"application\/ld+json\" class=\"yoast-schema-graph\">{\"@context\":\"https:\/\/schema.org\",\"@graph\":[{\"@type\":\"WebPage\",\"@id\":\"https:\/\/www.gess365.com\/shop\/foot-massager\/foot-and-calf-massager-ottoman\/\",\"url\":\"https:\/\/www.gess365.com\/shop\/foot-massager\/foot-and-calf-massager-ottoman\/\",\"name\":\"GESS PUF \u2013 Foot & Calf Massager Ottoman with Heat & Air\",\"isPartOf\":{\"@id\":\"https:\/\/www.gess365.com\/#website\"},\"primaryImageOfPage\":{\"@id\":\"https:\/\/www.gess365.com\/shop\/foot-massager\/foot-and-calf-massager-ottoman\/#primaryimage\"},\"image\":{\"@id\":\"https:\/\/www.gess365.com\/shop\/foot-massager\/foot-and-calf-massager-ottoman\/#primaryimage\"},\"thumbnailUrl\":\"https:\/\/www.gess365.com\/wp-content\/uploads\/2025\/04\/GE-grey-01.jpg\",\"datePublished\":\"2025-04-11T13:57:04+00:00\",\"dateModified\":\"2026-03-03T11:43:25+00:00\",\"description\":\"3-in-1 foot and calf massager ottoman with heat and compression. Compact design for home wellness, daily recovery, and stress relief.\",\"breadcrumb\":{\"@id\":\"https:\/\/www.gess365.com\/shop\/foot-massager\/foot-and-calf-massager-ottoman\/#breadcrumb\"},\"inLanguage\":\"de-DE\",\"potentialAction\":[{\"@type\":\"ReadAction\",\"target\":[\"https:\/\/www.gess365.com\/shop\/foot-massager\/foot-and-calf-massager-ottoman\/\"]}]},{\"@type\":\"ImageObject\",\"inLanguage\":\"de-DE\",\"@id\":\"https:\/\/www.gess365.com\/shop\/foot-massager\/foot-and-calf-massager-ottoman\/#primaryimage\",\"url\":\"https:\/\/www.gess365.com\/wp-content\/uploads\/2025\/04\/GE-grey-01.jpg\",\"contentUrl\":\"https:\/\/www.gess365.com\/wp-content\/uploads\/2025\/04\/GE-grey-01.jpg\",\"width\":1500,\"height\":1500,\"caption\":\"Tiefenentspannung zu Hause mit dem grauen GESS PUF Massager\"},{\"@type\":\"BreadcrumbList\",\"@id\":\"https:\/\/www.gess365.com\/shop\/foot-massager\/foot-and-calf-massager-ottoman\/#breadcrumb\",\"itemListElement\":[{\"@type\":\"ListItem\",\"position\":1,\"name\":\"Home\",\"item\":\"https:\/\/www.gess365.com\/\"},{\"@type\":\"ListItem\",\"position\":2,\"name\":\"\u0418\u043d\u0442\u0435\u0440\u043d\u0435\u0442-\u043c\u0430\u0433\u0430\u0437\u0438\u043d\",\"item\":\"https:\/\/www.gess365.com\/ru\/shop\/\"},{\"@type\":\"ListItem\",\"position\":3,\"name\":\"GESS PUF 3-in-1 Foot &#038; Calf Massager Ottoman \u2013 Heat, Air Compression &#038; Roller Massage (Grey)\"}]},{\"@type\":\"WebSite\",\"@id\":\"https:\/\/www.gess365.com\/#website\",\"url\":\"https:\/\/www.gess365.com\/\",\"name\":\"GESS Market\",\"description\":\"GESS MARKET OU\",\"publisher\":{\"@id\":\"https:\/\/www.gess365.com\/#organization\"},\"alternateName\":\"Heating Blanket, Massage and Health Care E Shop | GESS MARKET OU\",\"potentialAction\":[{\"@type\":\"SearchAction\",\"target\":{\"@type\":\"EntryPoint\",\"urlTemplate\":\"https:\/\/www.gess365.com\/?s={search_term_string}\"},\"query-input\":\"required name=search_term_string\"}],\"inLanguage\":\"de-DE\"},{\"@type\":\"Organization\",\"@id\":\"https:\/\/www.gess365.com\/#organization\",\"name\":\"GESS MARKET OU\",\"alternateName\":\"Heating Blanket, Massage and Health Care E Shop | GESS MARKET OU\",\"url\":\"https:\/\/www.gess365.com\/\",\"logo\":{\"@type\":\"ImageObject\",\"inLanguage\":\"de-DE\",\"@id\":\"https:\/\/www.gess365.com\/#\/schema\/logo\/image\/\",\"url\":\"https:\/\/www.gess365.com\/wp-content\/uploads\/2014\/12\/GESS_na-prozrachnom-fone.png\",\"contentUrl\":\"https:\/\/www.gess365.com\/wp-content\/uploads\/2014\/12\/GESS_na-prozrachnom-fone.png\",\"width\":283,\"height\":142,\"caption\":\"GESS MARKET OU\"},\"image\":{\"@id\":\"https:\/\/www.gess365.com\/#\/schema\/logo\/image\/\"},\"sameAs\":[\"https:\/\/www.facebook.com\/gessmarket.eu\",\"https:\/\/www.instagram.com\/gessmarket.eu\/\",\"https:\/\/www.youtube.com\/channel\/UCctSJmzO2z-hcz0J-goW25Q\"],\"publishingPrinciples\":\"https:\/\/www.gess365.com\/massage-products\/\",\"ownershipFundingInfo\":\"https:\/\/www.gess365.com\/massage-products\/\"}]}<\/script>\n<!-- \/ Yoast SEO Premium plugin. -->","yoast_head_json":{"title":"GESS PUF \u2013 Foot & Calf Massager Ottoman with Heat & Air","description":"3-in-1 foot and calf massager ottoman with heat and compression. Compact design for home wellness, daily recovery, and stress relief.","robots":{"index":"index","follow":"follow","max-snippet":"max-snippet:-1","max-image-preview":"max-image-preview:large","max-video-preview":"max-video-preview:-1"},"canonical":"https:\/\/www.gess365.com\/de\/shop\/foot-massager\/foot-and-calf-massager-ottoman\/","og_locale":"de_DE","og_type":"article","og_title":"[:en]GESS PUF 3-in-1 Foot & Calf Massager Ottoman \u2013 Heat, Air Compression & Roller Massage (Grey)[:de]GESS PUF Grau | 3-in-1 Multifunktionales Fu\u00df- und Wadenmassageger\u00e4t mit W\u00e4rme und Hockerdesign[:ru]GESS PUF \u0421\u0435\u0440\u044b\u0439 | \u041c\u043d\u043e\u0433\u043e\u0444\u0443\u043d\u043a\u0446\u0438\u043e\u043d\u0430\u043b\u044c\u043d\u044b\u0439 \u043c\u0430\u0441\u0441\u0430\u0436\u0435\u0440 \u0434\u043b\u044f \u043d\u043e\u0433 \u0438 \u0438\u043a\u0440 3-\u0432-1 \u0441 \u043f\u043e\u0434\u043e\u0433\u0440\u0435\u0432\u043e\u043c \u0438 \u0444\u0443\u043d\u043a\u0446\u0438\u0435\u0439 \u043f\u0443\u0444\u0430[:]","og_description":"3-in-1 foot and calf massager ottoman with heat and compression. Compact design for home wellness, daily recovery, and stress relief.","og_url":"https:\/\/www.gess365.com\/de\/shop\/foot-massager\/foot-and-calf-massager-ottoman\/","og_site_name":"GESS&trade; | &nbsp;Official Online-Store, EU","article_publisher":"https:\/\/www.facebook.com\/gessmarket.eu","article_modified_time":"2026-03-03T11:43:25+00:00","og_image":[{"width":1500,"height":1500,"url":"https:\/\/www.gess365.com\/wp-content\/uploads\/2025\/04\/EN-grey-01.jpg","type":"image\/jpeg"}],"twitter_card":"summary_large_image","twitter_misc":{"Gesch\u00e4tzte Lesezeit":"2\u00a0Minuten"},"schema":{"@context":"https:\/\/schema.org","@graph":[{"@type":"WebPage","@id":"https:\/\/www.gess365.com\/shop\/foot-massager\/foot-and-calf-massager-ottoman\/","url":"https:\/\/www.gess365.com\/shop\/foot-massager\/foot-and-calf-massager-ottoman\/","name":"GESS PUF \u2013 Foot & Calf Massager Ottoman with Heat & Air","isPartOf":{"@id":"https:\/\/www.gess365.com\/#website"},"primaryImageOfPage":{"@id":"https:\/\/www.gess365.com\/shop\/foot-massager\/foot-and-calf-massager-ottoman\/#primaryimage"},"image":{"@id":"https:\/\/www.gess365.com\/shop\/foot-massager\/foot-and-calf-massager-ottoman\/#primaryimage"},"thumbnailUrl":"https:\/\/www.gess365.com\/wp-content\/uploads\/2025\/04\/GE-grey-01.jpg","datePublished":"2025-04-11T13:57:04+00:00","dateModified":"2026-03-03T11:43:25+00:00","description":"3-in-1 foot and calf massager ottoman with heat and compression. Compact design for home wellness, daily recovery, and stress relief.","breadcrumb":{"@id":"https:\/\/www.gess365.com\/shop\/foot-massager\/foot-and-calf-massager-ottoman\/#breadcrumb"},"inLanguage":"de-DE","potentialAction":[{"@type":"ReadAction","target":["https:\/\/www.gess365.com\/shop\/foot-massager\/foot-and-calf-massager-ottoman\/"]}]},{"@type":"ImageObject","inLanguage":"de-DE","@id":"https:\/\/www.gess365.com\/shop\/foot-massager\/foot-and-calf-massager-ottoman\/#primaryimage","url":"https:\/\/www.gess365.com\/wp-content\/uploads\/2025\/04\/GE-grey-01.jpg","contentUrl":"https:\/\/www.gess365.com\/wp-content\/uploads\/2025\/04\/GE-grey-01.jpg","width":1500,"height":1500,"caption":"Tiefenentspannung zu Hause mit dem grauen GESS PUF Massager"},{"@type":"BreadcrumbList","@id":"https:\/\/www.gess365.com\/shop\/foot-massager\/foot-and-calf-massager-ottoman\/#breadcrumb","itemListElement":[{"@type":"ListItem","position":1,"name":"Home","item":"https:\/\/www.gess365.com\/"},{"@type":"ListItem","position":2,"name":"\u0418\u043d\u0442\u0435\u0440\u043d\u0435\u0442-\u043c\u0430\u0433\u0430\u0437\u0438\u043d","item":"https:\/\/www.gess365.com\/ru\/shop\/"},{"@type":"ListItem","position":3,"name":"GESS PUF 3-in-1 Foot &#038; Calf Massager Ottoman \u2013 Heat, Air Compression &#038; Roller Massage (Grey)"}]},{"@type":"WebSite","@id":"https:\/\/www.gess365.com\/#website","url":"https:\/\/www.gess365.com\/","name":"GESS Market","description":"GESS MARKET OU","publisher":{"@id":"https:\/\/www.gess365.com\/#organization"},"alternateName":"Heating Blanket, Massage and Health Care E Shop | GESS MARKET OU","potentialAction":[{"@type":"SearchAction","target":{"@type":"EntryPoint","urlTemplate":"https:\/\/www.gess365.com\/?s={search_term_string}"},"query-input":"required name=search_term_string"}],"inLanguage":"de-DE"},{"@type":"Organization","@id":"https:\/\/www.gess365.com\/#organization","name":"GESS MARKET OU","alternateName":"Heating Blanket, Massage and Health Care E Shop | GESS MARKET OU","url":"https:\/\/www.gess365.com\/","logo":{"@type":"ImageObject","inLanguage":"de-DE","@id":"https:\/\/www.gess365.com\/#\/schema\/logo\/image\/","url":"https:\/\/www.gess365.com\/wp-content\/uploads\/2014\/12\/GESS_na-prozrachnom-fone.png","contentUrl":"https:\/\/www.gess365.com\/wp-content\/uploads\/2014\/12\/GESS_na-prozrachnom-fone.png","width":283,"height":142,"caption":"GESS MARKET OU"},"image":{"@id":"https:\/\/www.gess365.com\/#\/schema\/logo\/image\/"},"sameAs":["https:\/\/www.facebook.com\/gessmarket.eu","https:\/\/www.instagram.com\/gessmarket.eu\/","https:\/\/www.youtube.com\/channel\/UCctSJmzO2z-hcz0J-goW25Q"],"publishingPrinciples":"https:\/\/www.gess365.com\/massage-products\/","ownershipFundingInfo":"https:\/\/www.gess365.com\/massage-products\/"}]}},"_links":{"self":[{"href":"https:\/\/www.gess365.com\/de\/wp-json\/wp\/v2\/product\/19879"}],"collection":[{"href":"https:\/\/www.gess365.com\/de\/wp-json\/wp\/v2\/product"}],"about":[{"href":"https:\/\/www.gess365.com\/de\/wp-json\/wp\/v2\/types\/product"}],"replies":[{"embeddable":true,"href":"https:\/\/www.gess365.com\/de\/wp-json\/wp\/v2\/comments?post=19879"}],"wp:featuredmedia":[{"embeddable":true,"href":"https:\/\/www.gess365.com\/de\/wp-json\/wp\/v2\/media\/19982"}],"wp:attachment":[{"href":"https:\/\/www.gess365.com\/de\/wp-json\/wp\/v2\/media?parent=19879"}],"wp:term":[{"taxonomy":"product_cat","embeddable":true,"href":"https:\/\/www.gess365.com\/de\/wp-json\/wp\/v2\/product_cat?post=19879"},{"taxonomy":"product_tag","embeddable":true,"href":"https:\/\/www.gess365.com\/de\/wp-json\/wp\/v2\/product_tag?post=19879"}],"curies":[{"name":"wp","href":"https:\/\/api.w.org\/{rel}","templated":true}]}}